{"id":66,"date":"2019-03-14T16:30:49","date_gmt":"2019-03-14T14:30:49","guid":{"rendered":"https:\/\/www.hallandistockholm.se\/web\/?page_id=66"},"modified":"2025-07-16T16:51:16","modified_gmt":"2025-07-16T14:51:16","slug":"gronkalsafton","status":"publish","type":"page","link":"https:\/\/www.hallandistockholm.se\/web\/aktiviteter\/gronkalsafton\/","title":{"rendered":"Gr\u00f6nk\u00e5lsafton"},"content":{"rendered":"\n<p><strong>2023<\/strong> med <strong>Bo Kragh<\/strong>, som har sin yrkesbakgrund i Handelsbanken. Under 1970-talet var han engagerad som bankens representant i Moskva. Under 1990-talet engagerades han som r\u00e5dgivare f\u00f6r statsledningen i Estland och Lettland. 2017 gjorde han en studie av bankv\u00e4sendet i de av Ryssland annekterade delarna av Ukraina.<br>V\u00e5r g\u00e4st tillbringar somrarna i Fr\u00f6sakull.<br>* PDF<\/p>\n\n\n\n<p><strong>2022<\/strong> med <strong>Charlotte Isaksson<\/strong>, uppv\u00e4xt i Kvibille.  En kv\u00e4ll p\u00e5 Grillska Husets Caf\u00e9 i Gamla Stan d\u00e4r Charlotte ber\u00e4ttade om sin tid p\u00e5 NATOs milit\u00e4rstrategiska h\u00f6gkvarter och EUs utrikestj\u00e4nst i Bryssel samt sin nuvarande tj\u00e4nst p\u00e5 F\u00f6rsvarsmaktens H\u00f6gkvarter.<br>* Inbjudan med information<\/p>\n\n\n\n<p><strong>2021<\/strong> \u00c5rets Gr\u00f6nsk\u00e5lsafton kombinerades med \u00e5rets \u00e5rsm\u00f6te och \u00e4gde rum den 1 december hos Stadsmissionen i Gamla Stan. Riksdagsledamoten <strong>Jennie Nilsson<\/strong> talade om sin personliga utvecklingsresa fr\u00e5n v\u00e5rdbitr\u00e4de i Hylte kommun till Sveriges Riksdag.<\/p>\n\n\n\n<p><strong>2020<\/strong> anordnades ingen gr\u00f6nk\u00e5lsafton pga den r\u00e5dande Covid-pandemin.<\/p>\n\n\n\n<p><strong>2019<\/strong> med <strong>Christoffer Carlsson<\/strong>, b\u00f6rdig fr\u00e5n Halmstad, \u00e4r f\u00f6rfattare och kriminolog. Han \u00e4r n\u00e4rmast k\u00e4nd f\u00f6r sin medverkan i SVT:s popul\u00e4ra serie Veckans Brott.<\/p>\n\n\n\n<p><strong>2018<\/strong> med <strong>Paul Fried<\/strong>, pr\u00e4stson fr\u00e5n Halmstad, som ber\u00e4ttade om sin brokiga bana fr\u00e5n sk\u00e5despelare och f\u00f6rfattare till f\u00f6rsamlingspr\u00e4st i Katarina f\u00f6rsamling Stockholm.<\/p>\n\n\n\n<p><strong>2017<\/strong> med journalisten, juristen <strong>Mikael Kindbom<\/strong> b\u00f6rdig fr\u00e5n Halmstad, som ber\u00e4ttade om sina m\u00f6ten med konstvetaren Viveca Bosson, dotter till konstn\u00e4ren Erik Olsson, Halmstadgruppen.<\/p>\n\n\n\n<p><strong>2016<\/strong> med f\u00f6rre FN diplomaten <strong>Anders Kompass<\/strong>, som talade om sina upplevelser efter avsl\u00f6jandet om sex\u00f6vergrepp i FNs arbete i Centralafrika.<\/p>\n\n\n\n<p><strong>2015<\/strong> med <strong>Erika Svernstr\u00f6m<\/strong>, b\u00f6rdig fr\u00e5n Halmstad, journalist och redakt\u00f6r p\u00e5 tidningen \u00c5ret Runt om sin f\u00f6rsta bok \u2013 en barnbok om \u201dSurtanten Birgitta och Lennart von Spetsn\u00e4sa\u201d med inspiration fr\u00e5n Halmstad. <br>* PDF GR\u00d6NK\u00c5L 2015 BILD<\/p>\n\n\n\n<p><strong>2014<\/strong> med <strong>Anna Lena Ringarp<\/strong> som ber\u00e4ttade om sina hall\u00e4ndska r\u00f6tter och om sitt journalistiska yrke fr\u00e4mst som programledare f\u00f6r P1-programmet Spr\u00e5ket. <br>* PDF Gr\u00f6nk\u00e5lsafton 2014<\/p>\n\n\n\n<p><strong>2013<\/strong> med <strong>Jens Linder<\/strong>, kokboksf\u00f6rfattare, som ber\u00e4ttade om sina hall\u00e4ndska r\u00f6tter och om sina \u00e4ventyr i matlagningsbranschen. <br>* PDF Gr\u00f6nk\u00e5l 2013<\/p>\n\n\n\n<p><strong>2012<\/strong> med Halmstadf\u00f6dda <strong>Birgitta Notl\u00f6v<\/strong>, som ber\u00e4ttade om sitt livsverk, f\u00f6reningen Livstycket. V\u00e5r medlem Rolf Bromme sj\u00f6ng till ackompanjemang av Anouchka Mukherjee. <br>*PDF Gr\u00f6nk\u00e5l 2012<\/p>\n\n\n\n<p><strong>2011<\/strong> med Halmstadf\u00f6dde bitr. s\u00e4kerhetschefen vid S\u00c4PO <strong>Anders Thornberg<\/strong>, som ber\u00e4ttade om S\u00e4pos roll i samh\u00e4llet. <br>* Pdf Gr\u00f6nk\u00e5l 2011<\/p>\n\n\n\n<p><strong>2010<\/strong> med <strong>Roland Andreasson<\/strong>, sydhall\u00e4ndsk dagspressjournalist fr\u00e5n Halmstad under rubriken \u201dEn hall\u00e4ndsk murvel minns\u201d. <br>* Pdf Gr\u00f6nk\u00e5l10 Andreasson<\/p>\n\n\n\n<p><strong>2009<\/strong> med DN-journalisten<strong> Maria Schottenius<\/strong> fr\u00e5n L\u00e5ngaryd och Varberg som talade under rubriken \u201dVar och en sin egen Paparazzo\u201d. <br>* Pdf Gr\u00f6nk\u00e5l09 Schottenius<\/p>\n\n\n\n<p><strong>2008<\/strong> med <strong>Ingemar Carlsson<\/strong> som ber\u00e4ttade om Olof von Dalin. <br>* Pdf Gr\u00f6nk\u00e5l08 Carlsson<\/p>\n\n\n\n<p><strong>2007<\/strong> med <strong>Anna Wieslander<\/strong> fr\u00e5n Halmstad som ber\u00e4ttade om sin bok \u201dBondby-badort-f\u00f6rort. En hallandsbys f\u00f6rvandling\u201d. <br>* Pdf Gr\u00f6nk\u00e5l07<\/p>\n\n\n\n<p><strong>2006<\/strong> med industrimannen, f\u00f6rfattaren och bibliofilen <strong>Eric Rasmusson<\/strong>, f\u00f6dd i Getinge.<br>Samtalet och anf\u00f6randet hade rubriken \u201dMitt sandiga Halland\u201d.<\/p>\n\n\n\n<p><strong>2005<\/strong> med riksdagsledamoten <strong>Anne Marie Brod\u00e9n<\/strong> som ersatte moderate riksdagsledamoten Henrik von Sydow och talade under rubriken \u201dV\u00e4xtkraft i Halland\u201d.<br>* Pdf p\u00e5 kallelsen Gr\u00f6nk\u00e5lsafton den 5 december Gr\u00f6nk\u00e5l 2005<\/p>\n\n\n\n<p><strong>2004<\/strong> F\u00f6r f\u00f6rsta g\u00e5ngen tr\u00e4ffades vi i Riddarsalen hos Stadsmissionen, Stortorget, Gamla Stan. Kv\u00e4llen b\u00f6rjade i grannhuset i Svenska Akademiens lokaler d\u00e4r kanslichefen halmstadf\u00f6dde<strong> Odd Zschiebrich<\/strong> visade runt. <br>* Kallelsen i denna pdf Akademien04.<\/p>\n\n\n\n<p><strong>2003<\/strong> med <strong>Enisa Stenvinkel-Kirlan<\/strong>, b\u00f6rdig fr\u00e5n Halmstad, som ber\u00e4ttade om islam i Sverige. <br>* Inbjudan i denna pdf. Julbord Hedvig Eleonora<\/p>\n\n\n\n<p><strong>2002<\/strong> i Anna Lindhagens v\u00e5ning, Fj\u00e4llgatan p\u00e5 S\u00f6der. <strong>Anna Pia \u00c5hslund<\/strong> ber\u00e4ttade om Klara Johansson och n\u00e5gra andra Hallandsf\u00f6rfattare.<\/p>\n\n\n\n<p><strong>2001<\/strong> i Wendela Hebbes Hus, S\u00f6dert\u00e4lje. Syskonen <strong>Klas de Vylder<\/strong> och <strong>Gunnel St\u00e5l<\/strong> k\u00e5serade<br>under temat \u201dAtt v\u00e4xa upp p\u00e5 en Folkh\u00f6gskola \u2013 Katrinebergsminnen\u201d.<\/p>\n\n\n\n<p><strong>2000<\/strong> i Kollektivet Tullstugan p\u00e5 D\u00f6rjgr\u00e4nd med <strong>Sven Gustafsson<\/strong>, som bj\u00f6d p\u00e5 gr\u00f6nk\u00e5l och k\u00e5serade under rubriken \u201d\u00c4r k\u00e5l kultur\u201d, bl a om Gr\u00f6nk\u00e5lsakademien.<\/p>\n","protected":false},"excerpt":{"rendered":"<p>2023 med Bo Kragh, som har sin yrkesbakgrund i Handelsbanken. Under 1970-talet var han engagerad som bankens representant i Moskva.[&#8230;]<\/p>\n","protected":false},"author":1,"featured_media":0,"parent":40,"menu_order":1,"comment_status":"closed","ping_status":"closed","template":"","meta":{"footnotes":""},"class_list":["post-66","page","type-page","status-publish","hentry"],"_links":{"self":[{"href":"https:\/\/www.hallandistockholm.se\/web\/wp-json\/wp\/v2\/pages\/66","targetHints":{"allow":["GET"]}}],"collection":[{"href":"https:\/\/www.hallandistockholm.se\/web\/wp-json\/wp\/v2\/pages"}],"about":[{"href":"https:\/\/www.hallandistockholm.se\/web\/wp-json\/wp\/v2\/types\/page"}],"author":[{"embeddable":true,"href":"https:\/\/www.hallandistockholm.se\/web\/wp-json\/wp\/v2\/users\/1"}],"replies":[{"embeddable":true,"href":"https:\/\/www.hallandistockholm.se\/web\/wp-json\/wp\/v2\/comments?post=66"}],"version-history":[{"count":8,"href":"https:\/\/www.hallandistockholm.se\/web\/wp-json\/wp\/v2\/pages\/66\/revisions"}],"predecessor-version":[{"id":346,"href":"https:\/\/www.hallandistockholm.se\/web\/wp-json\/wp\/v2\/pages\/66\/revisions\/346"}],"up":[{"embeddable":true,"href":"https:\/\/www.hallandistockholm.se\/web\/wp-json\/wp\/v2\/pages\/40"}],"wp:attachment":[{"href":"https:\/\/www.hallandistockholm.se\/web\/wp-json\/wp\/v2\/media?parent=66"}],"curies":[{"name":"wp","href":"https:\/\/api.w.org\/{rel}","templated":true}]}}