{"id":138,"date":"2019-07-06T17:28:52","date_gmt":"2019-07-06T15:28:52","guid":{"rendered":"https:\/\/www.hallandistockholm.se\/web\/?page_id=138"},"modified":"2019-07-07T02:46:35","modified_gmt":"2019-07-07T00:46:35","slug":"larjungar-i-halmstad","status":"publish","type":"page","link":"https:\/\/www.hallandistockholm.se\/web\/forening\/historik\/larjungar-i-halmstad\/","title":{"rendered":"Halmstadsl\u00e4rljungarna"},"content":{"rendered":"\n<p>F\u00f6reningens start den 30 november 1925.<\/p>\n\n\n\n<p>F\u00f6rmodligen inspirerade av bildandet av F\u00f6reningen Gamla Halmstad 1923 tr\u00e4ffades en samling utflyttade halmstadsl\u00e4rljungar f\u00f6r att uppr\u00e4tta en filial i huvudstaden. P\u00e5 Karl XII:s dag den 30 november 1925 samlades 18 m\u00e4n med r\u00f6tter i Halmstad och dess l\u00e4roverk. En av de aderton var Fredrik Vetterlund, filosofie doktor, skald och f\u00f6rfattare. En annan var Knut Tillman, som troligen var initiativtagaren till f\u00f6reningen. S\u00e4rskilt inbjuden var f\u00f6rre lektorn vid l\u00e4roverket, \u00d6sten Hedlund. Telegram skickades till \u201dkvarvarande l\u00e4rare\u201d bland dem Felix K\u00f6rling. Efter detta t\u00e5gade man i samlad trupp till Brunkebergsbiografen, under bef\u00e4l av Gustaf Berg, direkt\u00f6r f\u00f6r Svensk Filmindustri. Filmen som visades var en bygdefilm om Halland och h\u00e4lsades med ovationer.<\/p>\n\n\n\n<p>Konstituerande sammantr\u00e4de \u00e4gde rum den 22 januari 1927 med 49 deltagare p\u00e5 restaurang Eked\u00e5rdh, d\u00e4r stadgar diskuterades och f\u00f6rteckning uppgjordes \u00f6ver till Stockholm utvandrade forna l\u00e4rljungar vid Halmstads l\u00e4roverk. I stadgarnas f\u00f6rsta punkt st\u00e5r att  \u201df\u00f6reningen \u00e4r en forts\u00e4ttningsskola i hembygdskunskap och kamratanda\u201d.<\/p>\n\n\n\n<p>I  denna 21-sidiga utdrag ur annalerna kan man f\u00f6lja f\u00f6reningen under alla \u00e5ren \u00e4nda fram till det sista m\u00f6tet den 21 oktober 2013.  <\/p>\n\n\n\n<div class=\"wp-block-file aligncenter\"><a href=\"https:\/\/www.hallandistockholm.se\/web\/wp-content\/uploads\/2019\/07\/HL_Utdrag-ur-annalerna_1925-2013.pdf\">Halmstadl\u00e4rjungar &#8211; Utdrag ur annalerna (1925-2013) PDF<\/a><a href=\"https:\/\/www.hallandistockholm.se\/web\/wp-content\/uploads\/2019\/07\/HL_Utdrag-ur-annalerna_1925-2013.pdf\" class=\"wp-block-file__button\" download>Ladda ner<\/a><\/div>\n\n\n\n<p>Det kan vara v\u00e4rt att notera att det var f\u00f6rst 1976 som kvinnliga f d elever fick v\u00e4ljas in. Det betyder att en av l\u00e4roverkets mest k\u00e4nda elever, litteraturkritikern Klara Johansson (1875-1948), som tog studenten som privatist vid l\u00e4roverket, aldrig kunde vara medlem i f\u00f6reningen, trots att hon bodde hela sitt vuxna liv i Stockholm. <\/p>\n\n\n\n<p>I F\u00f6reningen Gamla Halmstads \u00e5rsbok 1999 skrev chefredakt\u00f6r Bertil Delin en jubileumsartikel inf\u00f6r 75-\u00e5rsjubileet, vilket finns h\u00e4r som ett s\u00e4rtryck:<\/p>\n\n\n\n<div class=\"wp-block-file aligncenter\"><a href=\"https:\/\/www.hallandistockholm.se\/web\/wp-content\/uploads\/2019\/07\/HL_s\u00e4rtryck_FGH_1999.pdf\">HL s\u00e4rtryck (FGH 1999) PDF<\/a><a href=\"https:\/\/www.hallandistockholm.se\/web\/wp-content\/uploads\/2019\/07\/HL_s\u00e4rtryck_FGH_1999.pdf\" class=\"wp-block-file__button\" download>Ladda ner<\/a><\/div>\n\n\n\n<p>Inf\u00f6r sammanslagningen med Hallandsf\u00f6reningen 2013 skrev Lars Stelling, medlem sedan 30 \u00e5r, denna artikel:<\/p>\n\n\n\n<div class=\"wp-block-file aligncenter\"><a href=\"https:\/\/www.hallandistockholm.se\/web\/wp-content\/uploads\/2019\/07\/HL_Stelling-okt-2013.pdf\">HL Stelling (okt 2013) PDF<\/a><a href=\"https:\/\/www.hallandistockholm.se\/web\/wp-content\/uploads\/2019\/07\/HL_Stelling-okt-2013.pdf\" class=\"wp-block-file__button\" download>Ladda ner<\/a><\/div>\n","protected":false},"excerpt":{"rendered":"<p>F\u00f6reningens start den 30 november 1925. F\u00f6rmodligen inspirerade av bildandet av F\u00f6reningen Gamla Halmstad 1923 tr\u00e4ffades en samling utflyttade halmstadsl\u00e4rljungar[&#8230;]<\/p>\n","protected":false},"author":1,"featured_media":0,"parent":133,"menu_order":2,"comment_status":"closed","ping_status":"closed","template":"","meta":{"footnotes":""},"class_list":["post-138","page","type-page","status-publish","hentry"],"_links":{"self":[{"href":"https:\/\/www.hallandistockholm.se\/web\/wp-json\/wp\/v2\/pages\/138","targetHints":{"allow":["GET"]}}],"collection":[{"href":"https:\/\/www.hallandistockholm.se\/web\/wp-json\/wp\/v2\/pages"}],"about":[{"href":"https:\/\/www.hallandistockholm.se\/web\/wp-json\/wp\/v2\/types\/page"}],"author":[{"embeddable":true,"href":"https:\/\/www.hallandistockholm.se\/web\/wp-json\/wp\/v2\/users\/1"}],"replies":[{"embeddable":true,"href":"https:\/\/www.hallandistockholm.se\/web\/wp-json\/wp\/v2\/comments?post=138"}],"version-history":[{"count":4,"href":"https:\/\/www.hallandistockholm.se\/web\/wp-json\/wp\/v2\/pages\/138\/revisions"}],"predecessor-version":[{"id":259,"href":"https:\/\/www.hallandistockholm.se\/web\/wp-json\/wp\/v2\/pages\/138\/revisions\/259"}],"up":[{"embeddable":true,"href":"https:\/\/www.hallandistockholm.se\/web\/wp-json\/wp\/v2\/pages\/133"}],"wp:attachment":[{"href":"https:\/\/www.hallandistockholm.se\/web\/wp-json\/wp\/v2\/media?parent=138"}],"curies":[{"name":"wp","href":"https:\/\/api.w.org\/{rel}","templated":true}]}}